{"id":8,"date":"2017-03-12T19:44:49","date_gmt":"2017-03-12T19:44:49","guid":{"rendered":"https:\/\/www.granitoscultore.com\/biografia\/"},"modified":"2025-01-03T19:11:17","modified_gmt":"2025-01-03T19:11:17","slug":"biografia","status":"publish","type":"page","link":"https:\/\/www.granitoscultore.com\/it\/biografia\/","title":{"rendered":"Biografia"},"content":{"rendered":"\t\t<div data-elementor-type=\"wp-page\" data-elementor-id=\"8\" class=\"elementor elementor-8\" data-elementor-post-type=\"page\">\n\t\t\t\t<div class=\"elementor-element elementor-element-d448e63 e-flex e-con-boxed e-con e-parent\" data-id=\"d448e63\" data-element_type=\"container\">\n\t\t\t\t\t<div class=\"e-con-inner\">\n\t\t<div class=\"elementor-element elementor-element-07ad2e2 e-con-full e-flex e-con e-child\" data-id=\"07ad2e2\" data-element_type=\"container\" data-settings=\"{&quot;background_background&quot;:&quot;slideshow&quot;,&quot;background_slideshow_gallery&quot;:[{&quot;id&quot;:156,&quot;url&quot;:&quot;https:\\\/\\\/www.granitoscultore.com\\\/wp-content\\\/uploads\\\/Slide_Biografia_01.jpg&quot;},{&quot;id&quot;:157,&quot;url&quot;:&quot;https:\\\/\\\/www.granitoscultore.com\\\/wp-content\\\/uploads\\\/Slide_Biografia_02.jpg&quot;},{&quot;id&quot;:158,&quot;url&quot;:&quot;https:\\\/\\\/www.granitoscultore.com\\\/wp-content\\\/uploads\\\/Slide_Biografia_03.jpg&quot;},{&quot;id&quot;:159,&quot;url&quot;:&quot;https:\\\/\\\/www.granitoscultore.com\\\/wp-content\\\/uploads\\\/Slide_Biografia_04.jpg&quot;},{&quot;id&quot;:160,&quot;url&quot;:&quot;https:\\\/\\\/www.granitoscultore.com\\\/wp-content\\\/uploads\\\/Slide_Biografia_05.jpg&quot;},{&quot;id&quot;:161,&quot;url&quot;:&quot;https:\\\/\\\/www.granitoscultore.com\\\/wp-content\\\/uploads\\\/Slide_Biografia_07.jpg&quot;},{&quot;id&quot;:162,&quot;url&quot;:&quot;https:\\\/\\\/www.granitoscultore.com\\\/wp-content\\\/uploads\\\/Slide_Biografia_08.jpg&quot;}],&quot;background_slideshow_loop&quot;:&quot;yes&quot;,&quot;background_slideshow_slide_duration&quot;:5000,&quot;background_slideshow_slide_transition&quot;:&quot;fade&quot;,&quot;background_slideshow_transition_duration&quot;:500}\">\n\t\t\t\t<div class=\"elementor-element elementor-element-b9ec68d elementor-widget elementor-widget-spacer\" data-id=\"b9ec68d\" data-element_type=\"widget\" data-widget_type=\"spacer.default\">\n\t\t\t\t<div class=\"elementor-widget-container\">\n\t\t\t\t\t\t\t<div class=\"elementor-spacer\">\n\t\t\t<div class=\"elementor-spacer-inner\"><\/div>\n\t\t<\/div>\n\t\t\t\t\t\t<\/div>\n\t\t\t\t<\/div>\n\t\t\t\t<\/div>\n\t\t\t\t\t<\/div>\n\t\t\t\t<\/div>\n\t\t<div class=\"elementor-element elementor-element-7029f19 e-flex e-con-boxed e-con e-parent\" data-id=\"7029f19\" data-element_type=\"container\">\n\t\t\t\t\t<div class=\"e-con-inner\">\n\t\t\t\t<div class=\"elementor-element elementor-element-d818ab9 elementor-widget elementor-widget-text-editor\" data-id=\"d818ab9\" data-element_type=\"widget\" data-widget_type=\"text-editor.default\">\n\t\t\t\t<div class=\"elementor-widget-container\">\n\t\t\t\t\t\t\t\t\t<p class=\"testi_introduttivi\">Il Mio percorso artistico \u00e8 stato quasi sempre tortuoso ed accidentato perch\u00e9, il pi\u00f9 delle volte, controcorrente.\nIn piena dittatura dell\u2019arte concettuale, negli anni settanta, la mia era una produzione estremamente figurativa. Contro la riduzione dell\u2019arte ad un mero esercizio di linguistico, svuotato di contenuti, la mia ricerca si \u00e8 sempre proposta come un insieme equilibrato di concetti e di linguaggi formali. Alla prepotenza del freddo linguaggio tecnologico e digitale, fine a se stesso, oggi oppongo il calore comunicativo della manualit\u00e0.<br><br>\nNato ad Apricena (Fg) nel 1954, vive e lavora a Bari. Gi\u00e0 docente di discipline pittoriche al Liceo Artistico Statale &#8220;De Nittis &#8211; Pascali&#8221; di Bari. Ha realizzato diverse personali e partecipato a numerose collettive e rassegne tra cui:<\/p>\n<div class=\"testo_biografia\">\n<div class=\"paragrafo_biografia\">\n<div class=\"anno_biografia\">\n\n1981\n\n<\/div>\n<div class=\"titolo_biografia\">\n\nMostra personale Galleria &#8220;Il Fante di Fiori&#8221; &#8211; Bari\n\n<\/div>\n<\/div>\n<div class=\"paragrafo_biografia\">\n\n<hr \/>\n\n<div class=\"anno_biografia\">\n\n1984\n\n<\/div>\n<div class=\"titolo_biografia\">\n\nMostra personale Galleria &#8220;Il Fante di Fiori&#8221; &#8211; Bari\n\n<hr \/>\n\n&#8220;Laboratorio di Puglia&#8221; &#8211; Ripe S. Ginesio a cura di M. Conenna ed E. Crispolti.\n\n<\/div>\n<\/div>\n<div class=\"paragrafo_biografia\">\n\n<hr \/>\n\n<div class=\"anno_biografia\">\n\n1985\n\n<\/div>\n<div class=\"titolo_biografia\">\n\n&#8220;Una nuovissima Generazione&#8221; Fortezza Medicea (Siena) a cura di Enrico Crispolti.\n\n<\/div>\n<\/div>\n<div class=\"paragrafo_biografia\">\n\n<hr \/>\n\n<div class=\"anno_biografia\">\n\n1986\n\n<\/div>\n<div class=\"titolo_biografia\">\n\n&#8220;XI Quadriennale D\u2019Arte&#8221; &#8211; Roma\n\n<\/div>\n<\/div>\n<div class=\"paragrafo_biografia\">\n\n<hr \/>\n\n<div class=\"anno_biografia\">\n\n1987\n\n<\/div>\n<div class=\"titolo_biografia\">\n\nMostra personale Galleria &#8220;La Cooperativa&#8221; &#8211; Bari\n\n<\/div>\n<\/div>\n<div class=\"paragrafo_biografia\">\n\n<hr \/>\n\n<div class=\"anno_biografia\">\n\n1988\n\n<\/div>\n<div class=\"titolo_biografia\">\n\n&#8220;Pugliesi D.O.C.&#8221; Roma Associazione culturale Il Canovaccio.\n\n<\/div>\n<\/div>\n<div class=\"paragrafo_biografia\">\n\n<hr \/>\n\n<div class=\"anno_biografia\">\n\n1990\n\n<\/div>\n<div class=\"titolo_biografia\">\n\n&#8220;Camera con vista&#8221; &#8211; Galleria &#8220;Corso d\u2019opera&#8221; &#8211; Bari\n\n<\/div>\n<\/div>\n<div class=\"paragrafo_biografia\">\n\n<hr \/>\n\n<div class=\"anno_biografia\">\n\n1995\n\n<\/div>\n<div class=\"titolo_biografia\">\n\n&#8220;La notte di S.Giovanni&#8221; Ostuni &#8211; A cura di Zelig\n\n<\/div>\n<\/div>\n<div class=\"paragrafo_biografia\">\n\n<hr \/>\n\n<div class=\"anno_biografia\">\n\n1997\n\n<\/div>\n<div class=\"titolo_biografia\">\n\n&#8220;Ex convento di S.Agostino&#8221; &#8211; Soprintendenza S.A. &#8211; Matera\n\n<\/div>\n<\/div>\n<div class=\"paragrafo_biografia\">\n\n<hr \/>\n\n<div class=\"anno_biografia\">\n\n1998\n\n<\/div>\n<div class=\"titolo_biografia\">\n\n&#8220;Artisti alla finestra&#8221; Ostuni &#8211; A cura di Zelig\n\n<\/div>\n<\/div>\n<div class=\"paragrafo_biografia\">\n\n<hr \/>\n\n<div class=\"anno_biografia\">\n\n1999\n\n<\/div>\n<div class=\"titolo_biografia\">\n\n&#8220;In otto&#8221; Castello Svevo &#8211; Barletta\n\n<\/div>\n<\/div>\n<div class=\"paragrafo_biografia\">\n\n<hr \/>\n\n<div class=\"anno_biografia\">\n\n2000\n\n<\/div>\n<div class=\"titolo_biografia\">\n\n&#8220;In-contro l\u2019arte&#8221;- Laboratorio arti visive (Foggia)\n\n<\/div>\n<\/div>\n<div class=\"paragrafo_biografia\">\n\n<hr \/>\n\n<div class=\"anno_biografia\">\n\n2001\n\n<\/div>\n<div class=\"titolo_biografia\">\n\n&#8220;Scarti&#8221; a cura di Domenico Potenza (Apricena)\n\n<\/div>\n<\/div>\n<div class=\"paragrafo_biografia\">\n\n<hr \/>\n\n<div class=\"anno_biografia\">\n\n2002\n\n<\/div>\n<div class=\"titolo_biografia\">\n\n&#8220;Mariae&#8221; a cura di Lia De Venere &#8211; Capurso (Bari)\n\n<hr \/>\n\n&#8220;L\u2019origine e il fine&#8221; &#8211; Mostra personale &#8211; Galleria &#8220;Luigi di Sarro&#8221; &#8211; Roma\n\n<hr \/>\n\n&#8220;Dalla pianta al banchetto&#8221; &#8211; a cura soprint. ai beni culturali di Bari\nCastel del Monte &#8211; Castello di Copertino\n\n<hr \/>\n\n&#8220;Interludi (Opere della transizione)&#8221; a cura di Vito Intini Kusthalle (Noci)\n\n<\/div>\n<\/div>\n<div class=\"paragrafo_biografia\">\n\n<hr \/>\n\n<div class=\"anno_biografia\">\n\n2003\n\n<\/div>\n<div class=\"titolo_biografia\">\n\n&#8220;Ti lancio un pensiero&#8221;- Mostra personale &#8211; Castello di Barletta\n\n<\/div>\n<\/div>\n<div class=\"paragrafo_biografia\">\n\n<hr \/>\n\n<div class=\"anno_biografia\">\n\n2005\n\n<\/div>\n<div class=\"titolo_biografia\">\n\n&#8220;Tram &#8211; Arte&#8221; &#8211; Museo civico &#8211; a cura di L.Rea &#8211; Foggia\n\n<hr \/>\n\n&#8220;Medea in via Arpi&#8221;- Banca del Monte &#8211; a cura di F. De Martino e B. La bianca Foggia\n\n<hr \/>\n\n&#8220;Tra-carte&#8221; &#8211; Museo Civico &#8211; a cura di L.Rea &#8211; Foggia\n\n<\/div>\n<\/div>\n<div class=\"paragrafo_biografia\">\n\n<hr \/>\n\n<div class=\"anno_biografia\">\n\n2007\n\n<\/div>\n<div class=\"titolo_biografia\">\n\n&#8220;Paesaggi e nature morte&#8221; &#8211; Mostra personale &#8211; Galleria &#8220;BLUorG&#8221; &#8211; Bari\n\n<hr \/>\n\n&#8220;Nigro&#8221; &#8211; Galleria Bluorg &#8211; Bari\n\n<\/div>\n<\/div>\n<div class=\"paragrafo_biografia\">\n\n<hr \/>\n\n<div class=\"anno_biografia\">\n\n2008\n\n<\/div>\n<div class=\"titolo_biografia\">\n\n&#8220;Sezione ad Arte&#8221; &#8211; Reggia di Caserta &#8211; Caserta\n\n<\/div>\n<\/div>\n<div class=\"paragrafo_biografia\">\n\n<hr \/>\n\n<div class=\"anno_biografia\">\n\n2009\n\n<\/div>\n<div class=\"titolo_biografia\">\n\n&#8220;Kontraste&#8221; &#8211; Bruckmul &#8211; Monaco di Baviera\n\n<hr \/>\n\n&#8220;Raccomandabili&#8221; &#8211; Galleria BLUorG &#8211; a cura di Giustina Coda &#8211; Bari\n\n<\/div>\n<\/div>\n<div class=\"paragrafo_biografia\">\n\n<hr \/>\n\n<div class=\"anno_biografia\">\n\n2010\n\n<\/div>\n<div class=\"titolo_biografia\">\n\n&#8220;Ex-voto &#8220;- Spazio Stelle d\u2019Italia &#8211; a cura di S. Caramia. Taranto.\n\n<hr \/>\n\n&#8220;Ex-voto&#8221; &#8211; Galleria Open Space &#8211; a cura di S. Caramia. Catanzaro.\n\n<hr \/>\n\n&#8220;Lib(e)rArte&#8221; &#8211; Galleria civica cont., Torrione Angioino &#8211; a cura di L. Naglieri. Bitonto.\n\n<hr \/>\n\n&#8220;Extrabilia&#8221; &#8211; Borgo antico &#8211; a cura di Maria Vinella &#8211; Polignano a Mare (Ba).\n\n<hr \/>\n\n&#8220;Rigorosamente Libri&#8221;- Fondaz. Banca del Monte &#8211; a cura di L. Rea Foggia.\n\n<hr \/>\n\n&#8220;Terra e Sale&#8221; &#8211; Masseria Boezio &#8211; a cura di G. Menolascina Ostuni (Br).\n\n<hr \/>\n\n&#8220;Eclettica&#8221; &#8211; Castello di Carovigno &#8211; a cura di A. Marino Carovigno (Br).\n\n<hr \/>\n\nMostra Collettiva Galleria ArteOra, Foggia. A cura di Gigliola Fania.\n\n<\/div>\n<\/div>\n<div class=\"paragrafo_biografia\">\n\n<hr \/>\n\n<div class=\"anno_biografia\">\n\n2011\n\n<\/div>\n<div class=\"titolo_biografia\">\n\n&#8220;Tracarte&#8221; a cura di Loredana Rea, Fondazione Banca del Monte, Foggia.\n\n<hr \/>\n\n&#8220;Kontraste 2&#8221; galleria Bayer-Wech &#8211; Monaco di Baviera, collettiva.\n\n<hr \/>\n\n&#8220;Oltre il sacro&#8221; a cura di Museo Nuova Era, Chiesa del Ges\u00f9, Bari\n\n<hr \/>\n\n&#8220;Biennale di Venezia &#8211; Padiglione Nervi Torino&#8221; a cura di V. Sgarbi, Torino.\n\n<hr \/>\n\n&#8220;Sesta Biennale d\u2019Arte De Nittis&#8221; &#8211; Castello di Barletta\n\n<\/div>\n<\/div>\n<div class=\"paragrafo_biografia\">\n\n<hr \/>\n\n<div class=\"anno_biografia\">\n\n2012\n\n<\/div>\n<div class=\"titolo_biografia\">\n\n&#8220;Prima Biennale d\u2019Arte&#8221; Palazzo della Cultura &#8211; Noicattaro, Bari.\n\n<\/div>\n<\/div>\n<div class=\"paragrafo_biografia\">\n\n<hr \/>\n\n<div class=\"anno_biografia\">\n\n2013\n\n<\/div>\n<div class=\"titolo_biografia\">\n\nMostra Collettiva Cinema Farnese Roma\n\n<hr \/>\n\nMostra Collettiva Galleria Il Gabbiano &#8211; La Spezia.\n\n<\/div>\n<\/div>\n<div class=\"paragrafo_biografia\">\n\n<hr \/>\n\n<div class=\"anno_biografia\">\n\n2014\n\n<\/div>\n<div class=\"titolo_biografia\">\n\nMostra Collettiva &#8220;Luce&#8221;, Palazzo Mongi\u00f2 dell\u2019elefante, Galatina.\n\n<hr \/>\n\nMostra Collettiva &#8220;Il gioco&#8221; Trullo Lamorgese, Alezio.\n\n<hr \/>\n\nMostra Collettiva Atelier Spezzacatene, &#8220;Cons\u00f2lo meridionale&#8221;, Bari.\n\n<\/div>\n<\/div>\n<div class=\"paragrafo_biografia\">\n\n<hr \/>\n\n<div class=\"anno_biografia\">\n\n2015\n\n<\/div>\n<div class=\"titolo_biografia\">\n\nBipersonale &#8220;Divise dal mare&#8221;, Dammusi Ishtar, Pantelleria.\n\n<\/div>\n<\/div>\n<div class=\"paragrafo_biografia\">\n\n<hr \/>\n\n<div class=\"anno_biografia\">\n\n2016\n\n<\/div>\n<div class=\"titolo_biografia\">\n\nMostra Personale Parkers Hotel, Napoli.\n\n<hr \/>\n\nMostra Collettiva Dammusi Ishtar, Pantelleria\n\n<\/div>\n<\/div>\n<\/div>\n<div style=\"clear: both; height: 0px;\"><\/div>\n\n<hr \/>\t\t\t\t\t\t\t\t<\/div>\n\t\t\t\t<\/div>\n\t\t\t\t\t<\/div>\n\t\t\t\t<\/div>\n\t\t\t\t<\/div>\n\t\t","protected":false},"excerpt":{"rendered":"<p>Il Mio percorso artistico \u00e8 stato quasi sempre tortuoso ed accidentato perch\u00e9, il pi\u00f9 delle volte, controcorrente. In piena dittatura dell\u2019arte concettuale, negli anni settanta, la mia era una produzione estremamente figurativa. Contro la riduzione dell\u2019arte ad un mero esercizio di linguistico, svuotato di contenuti, la mia ricerca si \u00e8 sempre proposta come un insieme [&hellip;]<\/p>\n","protected":false},"author":1,"featured_media":0,"parent":0,"menu_order":3,"comment_status":"closed","ping_status":"closed","template":"","meta":{"footnotes":""},"class_list":["post-8","page","type-page","status-publish","hentry"],"_links":{"self":[{"href":"https:\/\/www.granitoscultore.com\/it\/wp-json\/wp\/v2\/pages\/8","targetHints":{"allow":["GET"]}}],"collection":[{"href":"https:\/\/www.granitoscultore.com\/it\/wp-json\/wp\/v2\/pages"}],"about":[{"href":"https:\/\/www.granitoscultore.com\/it\/wp-json\/wp\/v2\/types\/page"}],"author":[{"embeddable":true,"href":"https:\/\/www.granitoscultore.com\/it\/wp-json\/wp\/v2\/users\/1"}],"replies":[{"embeddable":true,"href":"https:\/\/www.granitoscultore.com\/it\/wp-json\/wp\/v2\/comments?post=8"}],"version-history":[{"count":24,"href":"https:\/\/www.granitoscultore.com\/it\/wp-json\/wp\/v2\/pages\/8\/revisions"}],"predecessor-version":[{"id":491,"href":"https:\/\/www.granitoscultore.com\/it\/wp-json\/wp\/v2\/pages\/8\/revisions\/491"}],"wp:attachment":[{"href":"https:\/\/www.granitoscultore.com\/it\/wp-json\/wp\/v2\/media?parent=8"}],"curies":[{"name":"wp","href":"https:\/\/api.w.org\/{rel}","templated":true}]}}