{"id":15,"date":"2017-04-17T09:33:44","date_gmt":"2017-04-17T09:33:44","guid":{"rendered":"https:\/\/www.granitoscultore.com\/santuario-madonna-dell-incoronata\/"},"modified":"2025-01-03T21:24:48","modified_gmt":"2025-01-03T21:24:48","slug":"santuario-madonna-dell-incoronata","status":"publish","type":"page","link":"https:\/\/www.granitoscultore.com\/it\/santuario-madonna-dell-incoronata\/","title":{"rendered":"Santuario Madonna dell\u2019Incoronata"},"content":{"rendered":"\t\t<div data-elementor-type=\"wp-page\" data-elementor-id=\"15\" class=\"elementor elementor-15\" data-elementor-post-type=\"page\">\n\t\t\t\t<div class=\"elementor-element elementor-element-1838f28 e-flex e-con-boxed e-con e-parent\" data-id=\"1838f28\" data-element_type=\"container\">\n\t\t\t\t\t<div class=\"e-con-inner\">\n\t\t\t\t<div class=\"elementor-element elementor-element-54b5825 elementor-widget elementor-widget-text-editor\" data-id=\"54b5825\" data-element_type=\"widget\" data-widget_type=\"text-editor.default\">\n\t\t\t\t<div class=\"elementor-widget-container\">\n\t\t\t\t\t\t\t\t\t\n<p class=\"testi_introduttivi\">Il mio percorso artistico no ha mai contemplato il tema religioso in senso stretto.\nQuando il parroco mi ha chiesto di realizzare l\u2019altare ed altre opere per il Santuario della Madonna dell\u2019Incoronata di Apricena, ho avvertito subito grosse perplessit\u00e0.\nDopo momenti d\u2019incertezza ho avuto improvvisamente le idee chiare. Sono arrivato alla conclusione che forse la mia ricerca artistica, bench\u00e9 laica, improntata alla sottrazione di peso, non \u00e8 poi tanto lontana dalla ricerca di spiritualit\u00e0 e superamento della materia, concetti insiti in tutte le religioni.\nTrovato il punto d\u2019incontro contenutistico, dovevo cercarne uno formale. Ho pensato, quindi, all\u2019altare come ad un parallelepipedo semi coperto da un lenzuolo bianco ricamato. Attraverso la trasparenza del ricamo, il chiaro-scuro delle pieghe e le tracce di stiratura avrei dovuto dare l\u2019impressione della leggerezza, realizzando cos\u00ec quella sottrazione di peso che \u00e8 sempre nei miei obbiettivi artistici ed \u00e8 negli obiettivi di ogni cattolico. Per raggiungere questo risultato c\u2019\u00e8 un unica strada, quella dell\u2019illusione ottica e del realismo estremo, del contrasto tra realt\u00e0 e finzione. Il lenzuolo deve sembrare di cotone ed il ricamo, veramente ricamo. E\u2019 il gioco dell\u2019inganno.\nPartendo cos\u00ec dalla forma si arriva al concetto voluto.\nPer l\u2019ambone, sono stato in qualche modo costretto a rispettare un\u2019iconografia imposta da canoni liturgici precisi: bisognava rappresentare un angelo che con l\u2019indice della mano destra indicasse la parola di Cristo. Al di l\u00e0 dell\u2019immagine \u201cimposta\u201d, dovevo uniformare anche l\u2019ambone agli stessi contenuti formali e concettuali. Ho pensato quindi di alleggerire alternando particolari molto realistici ad altri in dissolvenza per rendere evanescente il tutto.\nAnche per quanto riguarda il trono l\u2019obiettivo era quello di trasformare il peso fisico e visivo del blocco di pietra nella leggerezza di un drappeggio.\nPer quanto riguarda le quattro Croci della Dedicazione, per non incorrere nel rischio della banalit\u00e0 rappresentativa dei quattro Evangelisti, ho trasformato le icone dei quattro santi in trasparenti ricami.<\/p>\n\n\n<hr \/>\n\n<!-- Altare Santuario Madonna dell\u2019Incoronata -->\n<div class=\"opera\">\n<div class=\"icona_opera\"><a title=\"Altare Santuario Madonna dell\u2019Incoronata\" href=\"https:\/\/www.granitoscultore.com\/wp-content\/uploads\/Altare_01.jpg\" rel=\"lightbox[Altare]\" type=\"image\/jpeg\" data-mediabox=\"1\"><img decoding=\"async\" src=\"https:\/\/www.granitoscultore.com\/wp-content\/uploads\/Altare_00.jpg\" alt=\"Altare Santuario Madonna dell\u2019Incoronata\" width=\"150\" height=\"170\" \/><\/a><\/div>\n<div class=\"foto_nascoste\"><a title=\"Altare Santuario Madonna dell\u2019Incoronata\" href=\"https:\/\/www.granitoscultore.com\/wp-content\/uploads\/Altare_02.jpg\" rel=\"lightbox[Altare]\">Foto02<\/a> <a title=\"Altare Santuario Madonna dell\u2019Incoronata\" href=\"https:\/\/www.granitoscultore.com\/wp-content\/uploads\/Altare_03.jpg\" rel=\"lightbox[Altare]\">Foto03<\/a> <a title=\"Altare Santuario Madonna dell\u2019Incoronata\" href=\"https:\/\/www.granitoscultore.com\/wp-content\/uploads\/Altare_04.jpg\" rel=\"lightbox[Altare]\">Foto04<\/a> <a title=\"Altare Santuario Madonna dell\u2019Incoronata\" href=\"https:\/\/www.granitoscultore.com\/wp-content\/uploads\/Altare_05.jpg\" rel=\"lightbox[Altare]\">Foto05<\/a> <a title=\"Altare Santuario Madonna dell\u2019Incoronata\" href=\"https:\/\/www.granitoscultore.com\/wp-content\/uploads\/Altare_06.jpg\" rel=\"lightbox[Altare]\">Foto06<\/a> <a title=\"Altare Santuario Madonna dell\u2019Incoronata\" href=\"https:\/\/www.granitoscultore.com\/wp-content\/uploads\/Altare_07.jpg\" rel=\"lightbox[Altare]\">Foto07<\/a> <a title=\"Altare Santuario Madonna dell\u2019Incoronata\" href=\"https:\/\/www.granitoscultore.com\/wp-content\/uploads\/Altare_08.jpg\" rel=\"lightbox[Altare]\">Foto08<\/a> <a title=\"Altare Santuario Madonna dell\u2019Incoronata\" href=\"https:\/\/www.granitoscultore.com\/wp-content\/uploads\/Altare_09.jpg\" rel=\"lightbox[Altare]\">Foto09<\/a> <a title=\"Altare Santuario Madonna dell\u2019Incoronata\" href=\"https:\/\/www.granitoscultore.com\/wp-content\/uploads\/Altare_10.jpg\" rel=\"lightbox[Altare]\">Foto10<\/a> <a title=\"Altare Santuario Madonna dell\u2019Incoronata\" href=\"https:\/\/www.granitoscultore.com\/wp-content\/uploads\/Altare_11.jpg\" rel=\"lightbox[Altare]\">Foto11<\/a> <a title=\"Altare Santuario Madonna dell\u2019Incoronata\" href=\"https:\/\/www.granitoscultore.com\/wp-content\/uploads\/Altare_12.jpg\" rel=\"lightbox[Altare]\">Foto12<\/a> <a title=\"Altare Santuario Madonna dell\u2019Incoronata\" href=\"https:\/\/www.granitoscultore.com\/wp-content\/uploads\/Altare_13.jpg\" rel=\"lightbox[Altare]\">Foto13<\/a> <a title=\"Altare Santuario Madonna dell\u2019Incoronata\" href=\"https:\/\/www.granitoscultore.com\/wp-content\/uploads\/Altare_14.jpg\" rel=\"lightbox[Altare]\">Foto14<\/a> <a title=\"Altare Santuario Madonna dell\u2019Incoronata\" href=\"https:\/\/www.granitoscultore.com\/wp-content\/uploads\/Altare_15.jpg\" rel=\"lightbox[Altare]\">Foto15<\/a> <a title=\"Altare Santuario Madonna dell\u2019Incoronata\" href=\"https:\/\/www.granitoscultore.com\/wp-content\/uploads\/Altare_16.jpg\" rel=\"lightbox[Altare]\">Foto16<\/a> <a title=\"Altare Santuario Madonna dell\u2019Incoronata\" href=\"https:\/\/www.granitoscultore.com\/wp-content\/uploads\/Altare_17.jpg\" rel=\"lightbox[Altare]\">Foto17<\/a> <a title=\"Altare Santuario Madonna dell\u2019Incoronata\" href=\"https:\/\/www.granitoscultore.com\/wp-content\/uploads\/Altare_18.jpg\" rel=\"lightbox[Altare]\">Foto18<\/a> <a title=\"Altare Santuario Madonna dell\u2019Incoronata\" href=\"https:\/\/www.granitoscultore.com\/wp-content\/uploads\/Altare_19.jpg\" rel=\"lightbox[Altare]\">Foto19<\/a> <a title=\"Altare Santuario Madonna dell\u2019Incoronata\" href=\"https:\/\/www.granitoscultore.com\/wp-content\/uploads\/Altare_20.jpg\" rel=\"lightbox[Altare]\">Foto20<\/a> <a title=\"Altare Santuario Madonna dell\u2019Incoronata\" href=\"https:\/\/www.granitoscultore.com\/wp-content\/uploads\/Altare_21.jpg\" rel=\"lightbox[Altare]\">Foto21<\/a> <a title=\"Altare Santuario Madonna dell\u2019Incoronata\" href=\"https:\/\/www.granitoscultore.com\/wp-content\/uploads\/Altare_22.jpg\" rel=\"lightbox[Altare]\">Foto22<\/a> <a title=\"Altare Santuario Madonna dell\u2019Incoronata\" href=\"https:\/\/www.granitoscultore.com\/wp-content\/uploads\/Altare_23.jpg\" rel=\"lightbox[Altare]\">Foto23<\/a> <a title=\"Altare Santuario Madonna dell\u2019Incoronata\" href=\"https:\/\/www.granitoscultore.com\/wp-content\/uploads\/Altare_24.jpg\" rel=\"lightbox[Altare]\">Foto24<\/a> <a title=\"Altare Santuario Madonna dell\u2019Incoronata\" href=\"https:\/\/www.granitoscultore.com\/wp-content\/uploads\/Altare_25.jpg\" rel=\"lightbox[Altare]\">Foto25<\/a> <a title=\"Altare Santuario Madonna dell\u2019Incoronata\" href=\"https:\/\/www.granitoscultore.com\/wp-content\/uploads\/Altare_26.jpg\" rel=\"lightbox[Altare]\">Foto26<\/a> <a title=\"Altare Santuario Madonna dell\u2019Incoronata\" href=\"https:\/\/www.granitoscultore.com\/wp-content\/uploads\/Altare_27.jpg\" rel=\"lightbox[Altare]\">Foto27<\/a> <a title=\"Altare Santuario Madonna dell\u2019Incoronata\" href=\"https:\/\/www.granitoscultore.com\/wp-content\/uploads\/Altare_28.jpg\" rel=\"lightbox[Altare]\">Foto28<\/a> <a title=\"Altare Santuario Madonna dell\u2019Incoronata\" href=\"https:\/\/www.granitoscultore.com\/wp-content\/uploads\/Altare_29.jpg\" rel=\"lightbox[Altare]\">Foto29<\/a> <a title=\"Altare Santuario Madonna dell\u2019Incoronata\" href=\"https:\/\/www.granitoscultore.com\/wp-content\/uploads\/Altare_30.jpg\" rel=\"lightbox[Altare]\">Foto30<\/a> <a title=\"Altare Santuario Madonna dell\u2019Incoronata\" href=\"https:\/\/www.granitoscultore.com\/wp-content\/uploads\/Altare_31.jpg\" rel=\"lightbox[Altare]\">Foto31<\/a> <a title=\"Altare Santuario Madonna dell\u2019Incoronata\" href=\"https:\/\/www.granitoscultore.com\/wp-content\/uploads\/Altare_32.jpg\" rel=\"lightbox[Altare]\">Foto32<\/a> <a title=\"Altare Santuario Madonna dell\u2019Incoronata\" href=\"https:\/\/www.granitoscultore.com\/wp-content\/uploads\/Altare_33.jpg\" rel=\"lightbox[Altare]\">Foto33<\/a> <a title=\"Altare Santuario Madonna dell\u2019Incoronata\" href=\"https:\/\/www.granitoscultore.com\/wp-content\/uploads\/Altare_34.jpg\" rel=\"lightbox[Altare]\">Foto34<\/a> <a title=\"Altare Santuario Madonna dell\u2019Incoronata\" href=\"https:\/\/www.granitoscultore.com\/wp-content\/uploads\/Altare_35.jpg\" rel=\"lightbox[Altare]\">Foto35<\/a> <a title=\"Altare Santuario Madonna dell\u2019Incoronata\" href=\"https:\/\/www.granitoscultore.com\/wp-content\/uploads\/Altare_36.jpg\" rel=\"lightbox[Altare]\">Foto36<\/a> <a title=\"Altare Santuario Madonna dell\u2019Incoronata\" href=\"https:\/\/www.granitoscultore.com\/wp-content\/uploads\/Altare_37.jpg\" rel=\"lightbox[Altare]\">Foto37<\/a> <a title=\"Altare Santuario Madonna dell\u2019Incoronata\" href=\"https:\/\/www.granitoscultore.com\/wp-content\/uploads\/Altare_38.jpg\" rel=\"lightbox[Altare]\">Foto38<\/a> <a title=\"Altare Santuario Madonna dell\u2019Incoronata\" href=\"https:\/\/www.granitoscultore.com\/wp-content\/uploads\/Altare_39.jpg\" rel=\"lightbox[Altare]\">Foto39<\/a> <a title=\"Altare Santuario Madonna dell\u2019Incoronata\" href=\"https:\/\/www.granitoscultore.com\/wp-content\/uploads\/Altare_40.jpg\" rel=\"lightbox[Altare]\">Foto40<\/a> <a title=\"Altare Santuario Madonna dell\u2019Incoronata\" href=\"https:\/\/www.granitoscultore.com\/wp-content\/uploads\/Altare_41.jpg\" rel=\"lightbox[Altare]\">Foto41<\/a> <a title=\"Altare Santuario Madonna dell\u2019Incoronata\" href=\"https:\/\/www.granitoscultore.com\/wp-content\/uploads\/Altare_42.jpg\" rel=\"lightbox[Altare]\">Foto42<\/a> <a title=\"Altare Santuario Madonna dell\u2019Incoronata\" href=\"https:\/\/www.granitoscultore.com\/wp-content\/uploads\/Altare_43.jpg\" rel=\"lightbox[Altare]\">Foto43<\/a> <a title=\"Altare Santuario Madonna dell\u2019Incoronata\" href=\"https:\/\/www.granitoscultore.com\/wp-content\/uploads\/Altare_44.jpg\" rel=\"lightbox[Altare]\">Foto44<\/a> <a title=\"Altare Santuario Madonna dell\u2019Incoronata\" href=\"https:\/\/www.granitoscultore.com\/wp-content\/uploads\/Altare_45.jpg\" rel=\"lightbox[Altare]\">Foto45<\/a> <a title=\"Altare Santuario Madonna dell\u2019Incoronata\" href=\"https:\/\/www.granitoscultore.com\/wp-content\/uploads\/Altare_46.jpg\" rel=\"lightbox[Altare]\">Foto46<\/a> <a title=\"Altare Santuario Madonna dell\u2019Incoronata\" href=\"https:\/\/www.granitoscultore.com\/wp-content\/uploads\/Altare_47.jpg\" rel=\"lightbox[Altare]\">Foto47<\/a> <a title=\"Altare Santuario Madonna dell\u2019Incoronata\" href=\"https:\/\/www.granitoscultore.com\/wp-content\/uploads\/Altare_48.jpg\" rel=\"lightbox[Altare]\">Foto48<\/a> <a title=\"Altare Santuario Madonna dell\u2019Incoronata\" href=\"https:\/\/www.granitoscultore.com\/wp-content\/uploads\/Altare_49.jpg\" rel=\"lightbox[Altare]\">Foto49<\/a> <a title=\"Altare Santuario Madonna dell\u2019Incoronata\" href=\"https:\/\/www.granitoscultore.com\/wp-content\/uploads\/Altare_50.jpg\" rel=\"lightbox[Altare]\">Foto50<\/a> <a title=\"Altare Santuario Madonna dell\u2019Incoronata\" href=\"https:\/\/www.granitoscultore.com\/wp-content\/uploads\/Altare_51.jpg\" rel=\"lightbox[Altare]\">Foto51<\/a><\/div>\n<div class=\"descrizione_opera\">\n<p class=\"titolo_opera\">Altare<\/p>\n<p class=\"materiale_opera\">Pietra di Apricena<\/p>\n\n<\/div>\n<\/div>\n<div style=\"clear: both; height: 0px;\"><\/div>\n\n<hr class=\"linea_opere\" \/>\n\n<!-- Altare Santuario Madonna dell\u2019Incoronata FINE --><!-- Trono Santuario Madonna dell\u2019Incoronata -->\n<div class=\"opera\">\n<div class=\"icona_opera\"><a title=\"Trono Santuario Madonna dell\u2019Incoronata\" href=\"https:\/\/www.granitoscultore.com\/wp-content\/uploads\/Trono_01.jpg\" rel=\"lightbox[Trono]\" type=\"image\/jpeg\" data-mediabox=\"1\"><img decoding=\"async\" src=\"https:\/\/www.granitoscultore.com\/wp-content\/uploads\/Trono_00.jpg\" alt=\"Trono Santuario Madonna dell\u2019Incoronata\" width=\"150\" height=\"170\" \/><\/a><\/div>\n<div class=\"foto_nascoste\"><a title=\"Trono Santuario Madonna dell\u2019Incoronata\" href=\"https:\/\/www.granitoscultore.com\/wp-content\/uploads\/Trono_02.jpg\" rel=\"lightbox[Trono]\">Foto02<\/a><\/div>\n<div class=\"descrizione_opera\">\n<p class=\"titolo_opera\">Trono<\/p>\n<p class=\"materiale_opera\">Pietra di Apricena<\/p>\n\n<\/div>\n<\/div>\n<div style=\"clear: both; height: 0px;\"><\/div>\n\n<hr class=\"linea_opere\" \/>\n\n<!-- Trono Santuario Madonna dell\u2019Incoronata FINE --><!-- Le 4 croci della dedicazione -->\n<div class=\"opera\">\n<div class=\"icona_opera\"><a title=\"Le 4 croci della dedicazione\" href=\"https:\/\/www.granitoscultore.com\/wp-content\/uploads\/Le4Croci_01.jpg\" rel=\"lightbox[Le4Croci]\" type=\"image\/jpeg\" data-mediabox=\"1\"><img decoding=\"async\" src=\"https:\/\/www.granitoscultore.com\/wp-content\/uploads\/Le4Croci_00.jpg\" alt=\"Le 4 croci della dedicazione\" width=\"150\" height=\"170\" \/><\/a><\/div>\n<div class=\"foto_nascoste\"><a title=\"Le 4 croci della dedicazione\" href=\"https:\/\/www.granitoscultore.com\/wp-content\/uploads\/Le4Croci_02.jpg\" rel=\"lightbox[Le4Croci]\">Foto02<\/a> <a title=\"Le 4 croci della dedicazione\" href=\"https:\/\/www.granitoscultore.com\/wp-content\/uploads\/Le4Croci_03.jpg\" rel=\"lightbox[Le4Croci]\">Foto03<\/a> <a title=\"Le 4 croci della dedicazione\" href=\"https:\/\/www.granitoscultore.com\/wp-content\/uploads\/Le4Croci_04.jpg\" rel=\"lightbox[Le4Croci]\">Foto04<\/a> <a title=\"Le 4 croci della dedicazione\" href=\"https:\/\/www.granitoscultore.com\/wp-content\/uploads\/Le4Croci_05.jpg\" rel=\"lightbox[Le4Croci]\">Foto05<\/a><\/div>\n<div class=\"descrizione_opera\">\n<p class=\"titolo_opera\">Le 4 croci della dedicazione<\/p>\n<p class=\"materiale_opera\">Pietra di Apricena<\/p>\n\n<\/div>\n<\/div>\n<div style=\"clear: both; height: 0px;\"><\/div>\n\n<hr class=\"linea_opere\" \/>\n\n<!-- Le 4 croci della dedicazione FINE --><!-- Ambone Santuario Madonna dell\u2019Incoronata -->\n<div class=\"opera\">\n<div class=\"icona_opera\"><a title=\"Ambone Santuario Madonna dell\u2019Incoronata\" href=\"https:\/\/www.granitoscultore.com\/wp-content\/uploads\/Ambone_01.jpg\" rel=\"lightbox[Ambone]\" type=\"image\/jpeg\" data-mediabox=\"1\"><img loading=\"lazy\" decoding=\"async\" src=\"https:\/\/www.granitoscultore.com\/wp-content\/uploads\/Ambone_00.jpg\" alt=\"Ambone Santuario Madonna dell\u2019Incoronata\" width=\"150\" height=\"170\" \/><\/a><\/div>\n<div class=\"foto_nascoste\"><a title=\"Ambone Santuario Madonna dell\u2019Incoronata\" href=\"https:\/\/www.granitoscultore.com\/wp-content\/uploads\/Ambone_02.jpg\" rel=\"lightbox[Ambone]\">Foto02<\/a><\/div>\n<div class=\"descrizione_opera\">\n<p class=\"titolo_opera\">Ambone<\/p>\n<p class=\"materiale_opera\">Pietra di Apricena<\/p>\n\n<\/div>\n<\/div>\n<div style=\"clear: both; height: 0px;\"><\/div>\n\n<hr class=\"linea_opere\" \/>\n\n<!-- Ambone Santuario Madonna dell\u2019Incoronata FINE -->\t\t\t\t\t\t\t\t<\/div>\n\t\t\t\t<\/div>\n\t\t\t\t\t<\/div>\n\t\t\t\t<\/div>\n\t\t\t\t<\/div>\n\t\t","protected":false},"excerpt":{"rendered":"<p>Il mio percorso artistico no ha mai contemplato il tema religioso in senso stretto. Quando il parroco mi ha chiesto di realizzare l\u2019altare ed altre opere per il Santuario della Madonna dell\u2019Incoronata di Apricena, ho avvertito subito grosse perplessit\u00e0. Dopo momenti d\u2019incertezza ho avuto improvvisamente le idee chiare. Sono arrivato alla conclusione che forse la [&hellip;]<\/p>\n","protected":false},"author":1,"featured_media":0,"parent":0,"menu_order":3,"comment_status":"closed","ping_status":"closed","template":"","meta":{"footnotes":""},"class_list":["post-15","page","type-page","status-publish","hentry"],"_links":{"self":[{"href":"https:\/\/www.granitoscultore.com\/it\/wp-json\/wp\/v2\/pages\/15","targetHints":{"allow":["GET"]}}],"collection":[{"href":"https:\/\/www.granitoscultore.com\/it\/wp-json\/wp\/v2\/pages"}],"about":[{"href":"https:\/\/www.granitoscultore.com\/it\/wp-json\/wp\/v2\/types\/page"}],"author":[{"embeddable":true,"href":"https:\/\/www.granitoscultore.com\/it\/wp-json\/wp\/v2\/users\/1"}],"replies":[{"embeddable":true,"href":"https:\/\/www.granitoscultore.com\/it\/wp-json\/wp\/v2\/comments?post=15"}],"version-history":[{"count":9,"href":"https:\/\/www.granitoscultore.com\/it\/wp-json\/wp\/v2\/pages\/15\/revisions"}],"predecessor-version":[{"id":743,"href":"https:\/\/www.granitoscultore.com\/it\/wp-json\/wp\/v2\/pages\/15\/revisions\/743"}],"wp:attachment":[{"href":"https:\/\/www.granitoscultore.com\/it\/wp-json\/wp\/v2\/media?parent=15"}],"curies":[{"name":"wp","href":"https:\/\/api.w.org\/{rel}","templated":true}]}}