{"id":10,"date":"2017-03-12T17:33:18","date_gmt":"2017-03-12T17:33:18","guid":{"rendered":"https:\/\/www.granitoscultore.com\/opere-dal-2017-al-1994\/"},"modified":"2026-01-12T15:19:08","modified_gmt":"2026-01-12T15:19:08","slug":"opere-dal-2017-al-1994","status":"publish","type":"page","link":"https:\/\/www.granitoscultore.com\/it\/opere-dal-2017-al-1994\/","title":{"rendered":"Opere dal 2017 al 1994"},"content":{"rendered":"\t\t<div data-elementor-type=\"wp-page\" data-elementor-id=\"10\" class=\"elementor elementor-10\" data-elementor-post-type=\"page\">\n\t\t\t\t<div class=\"elementor-element elementor-element-18902c11 e-flex e-con-boxed e-con e-parent\" data-id=\"18902c11\" data-element_type=\"container\">\n\t\t\t\t\t<div class=\"e-con-inner\">\n\t\t\t\t<div class=\"elementor-element elementor-element-3ac35550 elementor-widget elementor-widget-text-editor\" data-id=\"3ac35550\" data-element_type=\"widget\" data-widget_type=\"text-editor.default\">\n\t\t\t\t<div class=\"elementor-widget-container\">\n\t\t\t\t\t\t\t\t\t<p class=\"testi_introduttivi\">Tutta la mia attivit\u00e0 artistica \u00e8 improntata sul tema degli ossimori, sia nei titoli che nei contenuti.\nI titoli sono delle contraddizioni in termini (scultura di vento, scultura di pioggia, soffioscultura, ti lancio un pensiero, ecc..). La parola sculture rimanda a qualcosa di molto pesante mentre le parole vento, pioggia, soffio e pensiero a qualcosa di impalpabile.\nL\u2019utilizzo di materiali pesanti come la pietra, il marmo, contrapposti alla estrema leggerezza dei soggetti simulati (piume, aeroplanini, merletti, bolle di sapone,) sono la rappresentazione metaforica degli stridenti contrasti che hanno caratterizzato e caratterizzano tutto il percorso dell&#8217;uomo tra negativit\u00e0 e positivit\u00e0.\nUn altro elemento di contrasto \u00e8 dato dal linguaggio usato per esprimere questi concetti. \u00c8 la contrapposizione tra realt\u00e0 e finzione: la realt\u00e0 diventa finzione quando \u00e8 rappresentata in arte, la finzione diventa realt\u00e0 nel momento in cui \u00e8 talmente verosimile da sembrare vera.<\/p>\n\n\n<hr \/>\n\n<!-- Soffio_Scultura_01 -->\n<div class=\"opera\">\n<div class=\"icona_opera\"><a title=\"Soffio Scultura\" href=\"https:\/\/www.granitoscultore.com\/wp-content\/uploads\/Soffio_Scultura_0101.jpg\" rel=\"lightbox[Soffio_Scultura_01]\" type=\"image\/jpeg\" data-mediabox=\"1\"><img decoding=\"async\" src=\"https:\/\/www.granitoscultore.com\/wp-content\/uploads\/Soffio_Scultura_0100.jpg\" alt=\"Soffio Scultura\" width=\"150\" height=\"170\" \/><\/a><\/div>\n<div class=\"foto_nascoste\"><a title=\"Soffio Scultura\" href=\"https:\/\/www.granitoscultore.com\/wp-content\/uploads\/Soffio_Scultura_0102.jpg\" rel=\"lightbox[Soffio_Scultura_01]\">Foto<\/a> <a title=\"Soffio Scultura\" href=\"https:\/\/www.granitoscultore.com\/wp-content\/uploads\/Soffio_Scultura_0103.jpg\" rel=\"lightbox[Soffio_Scultura_01]\">Foto<\/a> <a title=\"Soffio Scultura\" href=\"https:\/\/www.granitoscultore.com\/wp-content\/uploads\/Soffio_Scultura_0104.jpg\" rel=\"lightbox[Soffio_Scultura_01]\">Foto<\/a><\/div>\n<div class=\"descrizione_opera\">\n<p class=\"titolo_opera\">Soffio Scultura<\/p>\n<p class=\"materiale_opera\">Gesso ceramico vetro e ferro<\/p>\n<p class=\"dimensioni_opera\">cm. 65 x 45 x 35<\/p>\n\n<\/div>\n<\/div>\n<div style=\"clear: both; height: 0px;\"><\/div>\n\n<hr class=\"linea_opere\" \/>\n\n<!-- Soffio_Scultura_01 FINE -->\n\n<!-- Senza_Titolo_Trottola -->\n<div class=\"opera\">\n<div class=\"icona_opera\"><a title=\"Senza Titolo\" href=\"https:\/\/www.granitoscultore.com\/wp-content\/uploads\/Senza_titolo_Trottola0101.jpg\" rel=\"lightbox[Senza_Titolo_Trottola]\" data-mediabox=\"1\"><img decoding=\"async\" src=\"https:\/\/www.granitoscultore.com\/wp-content\/uploads\/Senza_titolo_Trottola0100.jpg\" alt=\"Senza titolo Trottola0100\" width=\"150\" height=\"170\" \/><\/a><\/div>\n<div class=\"foto_nascoste\"><a title=\"Senza Titolo\" href=\"https:\/\/www.granitoscultore.com\/wp-content\/uploads\/Senza_titolo_Trottola0102.mp4\" rel=\"lightbox[Senza_Titolo_Trottola 1280 720]\">Foto02<\/a><\/div>\n<div class=\"descrizione_opera\">\n<p class=\"titolo_opera\">Senza Titolo<\/p>\n<p class=\"materiale_opera\">Pietra di Apricena<\/p>\n<p class=\"dimensioni_opera\">cm. 45 x 40 x 40<\/p>\n\n<\/div>\n<\/div>\n<div style=\"clear: both; height: 0px;\"><\/div>\n\n<hr class=\"linea_opere\" \/>\n\n<!-- Senza_Titolo_Trottola FINE -->\n\n<!-- EquilibrioSquilibrio -->\n<div class=\"opera\">\n<div class=\"icona_opera\"><a title=\"EquilibrioSquilibrio\" href=\"https:\/\/www.granitoscultore.com\/wp-content\/uploads\/Equilibrio_Squilibrio_01.jpg\" rel=\"lightbox[equilibriosquilibrio]\" type=\"image\/jpeg\" data-mediabox=\"1\"><img decoding=\"async\" src=\"https:\/\/www.granitoscultore.com\/wp-content\/uploads\/Equilibrio_Squilibrio_00.jpg\" alt=\"EquilibrioSquilibrio\" width=\"150\" height=\"170\" \/><\/a><\/div>\n<div class=\"foto_nascoste\"><a title=\"EquilibrioSquilibrio\" href=\"https:\/\/www.granitoscultore.com\/wp-content\/uploads\/Equilibrio_Squilibrio_02.jpg\" rel=\"lightbox[equilibriosquilibrio]\">Foto02<\/a> <a title=\"EquilibrioSquilibrio\" href=\"https:\/\/www.granitoscultore.com\/wp-content\/uploads\/Equilibrio_Squilibrio_03.jpg\" rel=\"lightbox[equilibriosquilibrio]\">Foto03<\/a> <a title=\"EquilibrioSquilibrio\" href=\"https:\/\/www.granitoscultore.com\/wp-content\/uploads\/Equilibrio_Squilibrio_04.jpg\" rel=\"lightbox[equilibriosquilibrio]\">Foto04<\/a><\/div>\n<div class=\"descrizione_opera\">\n<p class=\"titolo_opera\">Equilibrio Squilibrio<\/p>\n<p class=\"materiale_opera\">Stampa su carta su legno<\/p>\n<p class=\"dimensioni_opera\">cm. 280 x 100 x 70<\/p>\n\n<\/div>\n<\/div>\n<div style=\"clear: both; height: 0px;\"><\/div>\n\n<hr class=\"linea_opere\" \/>\n\n<!-- EquilibrioSquilibrio FINE -->\n\n<!-- L\u2019acchiappasogni-->\n<div class=\"opera\">\n<div class=\"icona_opera\"><a title=\"L'acchiappasogni\" href=\"https:\/\/www.granitoscultore.com\/wp-content\/uploads\/Lacchiappasogni01.jpg\" rel=\"lightbox[Lacchiappasogni]\" type=\"image\/jpeg\" data-mediabox=\"1\"><img loading=\"lazy\" decoding=\"async\" src=\"https:\/\/www.granitoscultore.com\/wp-content\/uploads\/Lacchiappasogni00.jpg\" alt=\"L\u2019acchiappasogni\" width=\"150\" height=\"170\" \/><\/a><\/div>\n<div class=\"foto_nascoste\"><a title=\"L\u2019acchiappasogni\" href=\"https:\/\/www.granitoscultore.com\/wp-content\/uploads\/Lacchiappasogni02.jpg\" rel=\"lightbox[Lacchiappasogni]\">Foto02<\/a><\/div>\n<div class=\"descrizione_opera\">\n<p class=\"titolo_opera\">L&#8217;Acchiappasogni<\/p>\n<p class=\"materiale_opera\">Pietra di Apricena<\/p>\n<p class=\"dimensioni_opera\">cm. 60 x40 x 30<\/p>\n\n<\/div>\n<\/div>\n<div style=\"clear: both; height: 0px;\"><\/div>\n\n<hr class=\"linea_opere\" \/>\n\n<!-- L\u2019acchiappasogni FINE --><!-- Ti_lancio_un_pensiero_02 -->\n<div class=\"opera\">\n<div class=\"icona_opera\"><a title=\"Ti lancio un pensiero\" href=\"https:\/\/www.granitoscultore.com\/wp-content\/uploads\/Ti_lancio_un_pensiero_0201.jpg\" rel=\"lightbox[Ti_lancio_un_pensiero_02]\" type=\"image\/jpeg\" data-mediabox=\"1\"><img loading=\"lazy\" decoding=\"async\" src=\"https:\/\/www.granitoscultore.com\/wp-content\/uploads\/Ti_lancio_un_pensiero_0200.jpg\" alt=\"Ti lancio un pensiero\" width=\"150\" height=\"170\" \/><\/a><\/div>\n<div class=\"foto_nascoste\"><a title=\"Ti lancio un pensiero\" href=\"https:\/\/www.granitoscultore.com\/wp-content\/uploads\/Ti_lancio_un_pensiero_0202.jpg\" rel=\"lightbox[Ti_lancio_un_pensiero_02]\">Foto<\/a> <a title=\"Ti lancio un pensiero\" href=\"https:\/\/www.granitoscultore.com\/wp-content\/uploads\/Ti_lancio_un_pensiero_0203.jpg\" rel=\"lightbox[Ti_lancio_un_pensiero_02]\">Foto<\/a> <a title=\"Ti lancio un pensiero\" href=\"https:\/\/www.granitoscultore.com\/wp-content\/uploads\/Ti_lancio_un_pensiero_0204.jpg\" rel=\"lightbox[Ti_lancio_un_pensiero_02]\">Foto<\/a><\/div>\n<div class=\"descrizione_opera\">\n<p class=\"titolo_opera\">Ti lancio un pensiero<\/p>\n<p class=\"materiale_opera\">Gesso ceramico e carta<\/p>\n<p class=\"dimensioni_opera\">cm. 50 x 15 x 20<\/p>\n\n<\/div>\n<\/div>\n<div style=\"clear: both; height: 0px;\"><\/div>\n\n<hr class=\"linea_opere\" \/>\n\n<!-- Ti_lancio_un_pensiero_02 FINE--><!-- Ti_lancio_un_pensiero_03 -->\n<div class=\"opera\">\n<div class=\"icona_opera\"><a title=\"Ti lancio un pensiero\" href=\"https:\/\/www.granitoscultore.com\/wp-content\/uploads\/Ti_lancio_un_pensiero_0301.jpg\" rel=\"lightbox[Ti_lancio_un_pensiero_03]\" type=\"image\/jpeg\" data-mediabox=\"1\"><img loading=\"lazy\" decoding=\"async\" src=\"https:\/\/www.granitoscultore.com\/wp-content\/uploads\/Ti_lancio_un_pensiero_0300.jpg\" alt=\"Ti lancio un pensiero\" width=\"150\" height=\"170\" \/><\/a><\/div>\n<div class=\"foto_nascoste\"><a title=\"Ti lancio un pensiero\" href=\"https:\/\/www.granitoscultore.com\/wp-content\/uploads\/Ti_lancio_un_pensiero_0302.jpg\" rel=\"lightbox[Ti_lancio_un_pensiero_03]\">Foto<\/a><\/div>\n<div class=\"descrizione_opera\">\n<p class=\"titolo_opera\">Ti lancio un pensiero<\/p>\n<p class=\"materiale_opera\">Terraglia e ferro<\/p>\n<p class=\"dimensioni_opera\">cm. 200 x 1700 x 300 (installazione completa)<\/p>\n\n<\/div>\n<\/div>\n<div style=\"clear: both; height: 0px;\"><\/div>\n\n<hr class=\"linea_opere\" \/>\n\n<!-- Ti_lancio_un_pensiero_03 FINE --><!-- Ti_lancio_un_pensiero_04 -->\n<div class=\"opera\">\n<div class=\"icona_opera\"><a title=\"Ti lancio un pensiero\" href=\"https:\/\/www.granitoscultore.com\/wp-content\/uploads\/Ti_lancio_un_pensiero_0401.jpg\" rel=\"lightbox[Ti_lancio_un_pensiero_04]\" type=\"image\/jpeg\" data-mediabox=\"1\"><img loading=\"lazy\" decoding=\"async\" src=\"https:\/\/www.granitoscultore.com\/wp-content\/uploads\/Ti_lancio_un_pensiero_0400.jpg\" alt=\"Ti lancio un pensiero\" width=\"150\" height=\"170\" \/><\/a><\/div>\n<div class=\"descrizione_opera\">\n<p class=\"titolo_opera\">Ti lancio un pensiero<\/p>\n<p class=\"materiale_opera\">Cartoncino<\/p>\n<p class=\"dimensioni_opera\">cm. 90 x 70 x 10<\/p>\n\n<\/div>\n<\/div>\n<div style=\"clear: both; height: 0px;\"><\/div>\n\n<hr class=\"linea_opere\" \/>\n\n<!-- Ti_lancio_un_pensiero_04 FINE --><!-- Ti_lancio_un_pensiero_01 -->\n<div class=\"opera\">\n<div class=\"icona_opera\"><a title=\"Ti lancio un pensiero\" href=\"https:\/\/www.granitoscultore.com\/wp-content\/uploads\/Ti_lancio_un_pensiero_0101.jpg\" rel=\"lightbox[Ti_lancio_un_pensiero_01]\" type=\"image\/jpeg\" data-mediabox=\"1\"><img loading=\"lazy\" decoding=\"async\" src=\"https:\/\/www.granitoscultore.com\/wp-content\/uploads\/Ti_lancio_un_pensiero_0100.jpg\" alt=\"Ti lancio un pensiero\" width=\"150\" height=\"170\" \/><\/a><\/div>\n<div class=\"descrizione_opera\">\n<p class=\"titolo_opera\">Ti lancio un pensiero<\/p>\n<p class=\"materiale_opera\">Terraglia e matita<\/p>\n<p class=\"dimensioni_opera\">cm. 6 x 15 x 29,7<\/p>\n\n<\/div>\n<\/div>\n<div style=\"clear: both; height: 0px;\"><\/div>\n\n<hr class=\"linea_opere\" \/>\n\n<!-- Ti_lancio_un_pensiero_01 FINE --><!-- Scultura_di_vento_Lesina -->\n<div class=\"opera\">\n<div class=\"icona_opera\"><a title=\"Scultura di Vento\" href=\"https:\/\/www.granitoscultore.com\/wp-content\/uploads\/Scultura_di_vento_Lesina_01.jpg\" rel=\"lightbox[Scultura_di_vento_Lesina]\" type=\"image\/jpeg\" data-mediabox=\"1\"><img loading=\"lazy\" decoding=\"async\" src=\"https:\/\/www.granitoscultore.com\/wp-content\/uploads\/Scultura_di_vento_Lesina_00.jpg\" alt=\"Scultura di Vento\" width=\"150\" height=\"170\" \/><\/a><\/div>\n<div class=\"foto_nascoste\"><a title=\"Scultura di Vento\" href=\"https:\/\/www.granitoscultore.com\/wp-content\/uploads\/Scultura_di_vento_Lesina_02.jpg\" rel=\"lightbox[Scultura_di_vento_Lesina]\">Foto02<\/a> <a title=\"Scultura di Vento\" href=\"https:\/\/www.granitoscultore.com\/wp-content\/uploads\/Scultura_di_vento_Lesina_03.jpg\" rel=\"lightbox[Scultura_di_vento_Lesina]\">Foto02<\/a> <a title=\"Scultura di Vento\" href=\"https:\/\/www.granitoscultore.com\/wp-content\/uploads\/Scultura_di_vento_Lesina_04.jpg\" rel=\"lightbox[Scultura_di_vento_Lesina]\">Foto02<\/a> <a title=\"Scultura di Vento\" href=\"https:\/\/www.granitoscultore.com\/wp-content\/uploads\/Scultura_di_vento_Lesina_05.jpg\" rel=\"lightbox[Scultura_di_vento_Lesina]\">Foto02<\/a> <a title=\"Scultura di Vento\" href=\"https:\/\/www.granitoscultore.com\/wp-content\/uploads\/Scultura_di_vento_Lesina_06.jpg\" rel=\"lightbox[Scultura_di_vento_Lesina]\">Foto02<\/a> <a title=\"Scultura di Vento\" href=\"https:\/\/www.granitoscultore.com\/wp-content\/uploads\/Scultura_di_vento_Lesina_09.jpg\" rel=\"lightbox[Scultura_di_vento_Lesina]\">Foto02<\/a> <a title=\"Scultura di Vento\" href=\"https:\/\/www.granitoscultore.com\/wp-content\/uploads\/Scultura_di_vento_Lesina_10.jpg\" rel=\"lightbox[Scultura_di_vento_Lesina]\">Foto02<\/a> <a title=\"Scultura di Vento\" href=\"https:\/\/www.granitoscultore.com\/wp-content\/uploads\/Scultura_di_vento_Lesina_11.jpg\" rel=\"lightbox[Scultura_di_vento_Lesina]\">Foto02<\/a> <a title=\"Scultura di Vento\" href=\"https:\/\/www.granitoscultore.com\/wp-content\/uploads\/Scultura_di_vento_Lesina_12.jpg\" rel=\"lightbox[Scultura_di_vento_Lesina]\">Foto02<\/a> <a title=\"Scultura di Vento\" href=\"https:\/\/www.granitoscultore.com\/wp-content\/uploads\/Scultura_di_vento_Lesina_13.jpg\" rel=\"lightbox[Scultura_di_vento_Lesina]\">Foto02<\/a> <a title=\"Scultura di Vento\" href=\"https:\/\/www.granitoscultore.com\/wp-content\/uploads\/Scultura_di_vento_Lesina_14.jpg\" rel=\"lightbox[Scultura_di_vento_Lesina]\">Foto02<\/a> <a title=\"Scultura di Vento\" href=\"https:\/\/www.granitoscultore.com\/wp-content\/uploads\/Scultura_di_vento_Lesina_15.jpg\" rel=\"lightbox[Scultura_di_vento_Lesina]\">Foto02<\/a> <a title=\"Scultura di Vento\" href=\"https:\/\/www.granitoscultore.com\/wp-content\/uploads\/Scultura_di_vento_Lesina_16.jpg\" rel=\"lightbox[Scultura_di_vento_Lesina]\">Foto02<\/a> <a title=\"Scultura di Vento\" href=\"https:\/\/www.granitoscultore.com\/wp-content\/uploads\/Scultura_di_vento_Lesina_17.jpg\" rel=\"lightbox[Scultura_di_vento_Lesina]\">Foto02<\/a> <a title=\"Scultura di Vento\" href=\"https:\/\/www.granitoscultore.com\/wp-content\/uploads\/Scultura_di_vento_Lesina_18.jpg\" rel=\"lightbox[Scultura_di_vento_Lesina]\">Foto02<\/a> <a title=\"Scultura di Vento\" href=\"https:\/\/www.granitoscultore.com\/wp-content\/uploads\/Scultura_di_vento_Lesina_19.jpg\" rel=\"lightbox[Scultura_di_vento_Lesina]\">Foto02<\/a> <a title=\"Scultura di Vento\" href=\"https:\/\/www.granitoscultore.com\/wp-content\/uploads\/Scultura_di_vento_Lesina_21.jpg\" rel=\"lightbox[Scultura_di_vento_Lesina]\">Foto02<\/a> <a title=\"Scultura di Vento\" href=\"https:\/\/www.granitoscultore.com\/wp-content\/uploads\/Scultura_di_vento_Lesina_22.jpg\" rel=\"lightbox[Scultura_di_vento_Lesina]\">Foto02<\/a> <a title=\"Scultura di Vento\" href=\"https:\/\/www.granitoscultore.com\/wp-content\/uploads\/Scultura_di_vento_Lesina_23.jpg\" rel=\"lightbox[Scultura_di_vento_Lesina]\">Foto02<\/a> <a title=\"Scultura di Vento\" href=\"https:\/\/www.granitoscultore.com\/wp-content\/uploads\/Scultura_di_vento_Lesina_24.jpg\" rel=\"lightbox[Scultura_di_vento_Lesina]\">Foto02<\/a><\/div>\n<div class=\"descrizione_opera\">\n<p class=\"titolo_opera\">Scultura di Vento<\/p>\n<p class=\"materiale_opera\">Pietra di Apricena e legno<\/p>\n<p class=\"dimensioni_opera\">cm. 350 x 120 x 70<\/p>\n<p class=\"leggialtro\"><a title=\"Intervista per progetto Lungolago - Lesina\" href=\"https:\/\/www.granitoscultore.com\/wp-content\/uploads\/Intervista_Lesina.mp4\" target=\"_blank\" rel=\"1280 720] lightbox[intervista noopener\">Intervista &gt;<\/a> \u00a0 \u00a0 \u00a0 <a title=\"Video Lungolago - Lesina\" href=\"https:\/\/www.granitoscultore.com\/wp-content\/uploads\/lungo_lago_lesina.mp4\" target=\"_blank\" rel=\"1280 720] lightbox[intervista noopener\">Video &gt;<\/a><\/p>\n\n<\/div>\n<\/div>\n<div style=\"clear: both; height: 0px;\"><\/div>\n\n<hr class=\"linea_opere\" \/>\n\n<!-- Scultura_di_vento_Lesina FINE --><!-- Scultura_di_Vento_02-->\n<div class=\"opera\">\n<div class=\"icona_opera\"><a title=\"Scultura di Vento\" href=\"https:\/\/www.granitoscultore.com\/wp-content\/uploads\/Scultura_di_Vento_0201.jpg\" rel=\"lightbox[Scultura_di_Vento_02]\" type=\"image\/jpeg\" data-mediabox=\"1\"><img loading=\"lazy\" decoding=\"async\" src=\"https:\/\/www.granitoscultore.com\/wp-content\/uploads\/Scultura_di_Vento_0200.jpg\" alt=\"Scultura di Vento\" width=\"150\" height=\"170\" \/><\/a><\/div>\n<div class=\"foto_nascoste\"><a title=\"Scultura di Vento\" href=\"https:\/\/www.granitoscultore.com\/wp-content\/uploads\/Scultura_di_Vento_0202.jpg\" rel=\"lightbox[Scultura_di_Vento_02]\">Foto02<\/a><\/div>\n<div class=\"descrizione_opera\">\n<p class=\"titolo_opera\">Scultura di Vento<\/p>\n<p class=\"materiale_opera\">Terracotta dipinta<\/p>\n<p class=\"dimensioni_opera\">cm. 45 x 40 x 60<\/p>\n\n<\/div>\n<\/div>\n<div style=\"clear: both; height: 0px;\"><\/div>\n\n<hr class=\"linea_opere\" \/>\n\n<!-- Scultura_di_Vento_02 FINE --><!-- Scultura_di_Vento_03-->\n<div class=\"opera\">\n<div class=\"icona_opera\"><a title=\"Scultura di Vento\" href=\"https:\/\/www.granitoscultore.com\/wp-content\/uploads\/Scultura_di_Vento_0301.jpg\" rel=\"lightbox[Scultura_di_Vento_03]\" type=\"image\/jpeg\" data-mediabox=\"1\"><img loading=\"lazy\" decoding=\"async\" src=\"https:\/\/www.granitoscultore.com\/wp-content\/uploads\/Scultura_di_Vento_0300.jpg\" alt=\"Scultura di Vento\" width=\"150\" height=\"170\" \/><\/a><\/div>\n<div class=\"foto_nascoste\"><a title=\"Scultura di Vento\" href=\"https:\/\/www.granitoscultore.com\/wp-content\/uploads\/Scultura_di_Vento_0302.jpg\" rel=\"lightbox[Scultura_di_Vento_03]\">Foto02<\/a><\/div>\n<div class=\"descrizione_opera\">\n<p class=\"titolo_opera\">Scultura di Vento<\/p>\n<p class=\"materiale_opera\">Resina verniciata<\/p>\n<p class=\"dimensioni_opera\">cm. 45 x 40 x 65<\/p>\n\n<\/div>\n<\/div>\n<div style=\"clear: both; height: 0px;\"><\/div>\n\n<hr class=\"linea_opere\" \/>\n\n<!-- Scultura_di_Vento_03 FINE --><!-- Scultura_di_Vento_01-->\n<div class=\"opera\">\n<div class=\"icona_opera\"><a title=\"Scultura di Vento\" href=\"https:\/\/www.granitoscultore.com\/wp-content\/uploads\/Scultura_di_Vento_0101.jpg\" rel=\"lightbox[Scultura_di_Vento_01]\" type=\"image\/jpeg\" data-mediabox=\"1\"><img loading=\"lazy\" decoding=\"async\" src=\"https:\/\/www.granitoscultore.com\/wp-content\/uploads\/Scultura_di_Vento_0100.jpg\" alt=\"Scultura di Vento\" width=\"150\" height=\"170\" \/><\/a><\/div>\n<div class=\"descrizione_opera\">\n<p class=\"titolo_opera\">Scultura di Vento<\/p>\n<p class=\"materiale_opera\">Terraglia<\/p>\n<p class=\"dimensioni_opera\">cm. 50 x 40 x 20<\/p>\n\n<\/div>\n<\/div>\n<div style=\"clear: both; height: 0px;\"><\/div>\n\n<hr class=\"linea_opere\" \/>\n\n<!-- Scultura_di_Vento_01 FINE -->\n\n<!-- Fazzoletto senza titolo 01 -->\n<div class=\"opera\">\n<div class=\"icona_opera\"><a title=\"Senza titolo\" href=\"https:\/\/www.granitoscultore.com\/wp-content\/uploads\/Fazzoletto_senzatitolo0101.jpg\" rel=\"lightbox[Fazzoletto_senzatitolo01]\" type=\"image\/jpeg\" data-mediabox=\"1\"><img loading=\"lazy\" decoding=\"async\" src=\"https:\/\/www.granitoscultore.com\/wp-content\/uploads\/Fazzoletto_senzatitolo0100.jpg\" alt=\"Senza titolo\" width=\"150\" height=\"170\" \/><\/a><\/div>\n<div class=\"foto_nascoste\"><a title=\"Senza titolo\" href=\"https:\/\/www.granitoscultore.com\/wp-content\/uploads\/Fazzoletto_senzatitolo0102.jpg\" rel=\"lightbox[Fazzoletto_senzatitolo01]\">Foto02<\/a><\/div>\n<div class=\"descrizione_opera\">\n<p class=\"titolo_opera\">Senza titolo<\/p>\n<p class=\"materiale_opera\">Pietra di Lecce<\/p>\n<p class=\"dimensioni_opera\">cm. 5 x 60 x 40<\/p>\n\n<\/div>\n<\/div>\n<div style=\"clear: both; height: 0px;\"><\/div>\n\n<hr class=\"linea_opere\" \/>\n\n<!-- Fazzoletto senza titolo 01 FINE --><!-- Fazzoletto senza titolo 02 -->\n<div class=\"opera\">\n<div class=\"icona_opera\"><a title=\"Senza titolo\" href=\"https:\/\/www.granitoscultore.com\/wp-content\/uploads\/Fazzoletto_senzatitolo0201.jpg\" rel=\"lightbox[Fazzoletto_senzatitolo02]\" type=\"image\/jpeg\" data-mediabox=\"1\"><img loading=\"lazy\" decoding=\"async\" src=\"https:\/\/www.granitoscultore.com\/wp-content\/uploads\/Fazzoletto_senzatitolo0200.jpg\" alt=\"Senza titolo\" width=\"150\" height=\"170\" \/><\/a><\/div>\n<div class=\"foto_nascoste\"><a title=\"Senza titolo\" href=\"https:\/\/www.granitoscultore.com\/wp-content\/uploads\/Fazzoletto_senzatitolo0202.jpg\" rel=\"lightbox[Fazzoletto_senzatitolo02]\">Foto02<\/a> <a title=\"Senza titolo\" href=\"https:\/\/www.granitoscultore.com\/wp-content\/uploads\/Fazzoletto_senzatitolo0203.jpg\" rel=\"lightbox[Fazzoletto_senzatitolo02]\">Foto03<\/a> <a title=\"Senza titolo\" href=\"https:\/\/www.granitoscultore.com\/wp-content\/uploads\/Fazzoletto_senzatitolo0204.jpg\" rel=\"lightbox[Fazzoletto_senzatitolo02]\">Foto04<\/a><\/div>\n<div class=\"descrizione_opera\">\n<p class=\"titolo_opera\">Senza titolo<\/p>\n<p class=\"materiale_opera\">Terracotta dipinta<\/p>\n<p class=\"dimensioni_opera\">cm. 15 x 40 x 40<\/p>\n\n<\/div>\n<\/div>\n<div style=\"clear: both; height: 0px;\"><\/div>\n\n<hr class=\"linea_opere\" \/>\n\n<!-- Fazzoletto senza titolo 02 FINE --><!-- Fazzoletto senza titolo 03 -->\n<div class=\"opera\">\n<div class=\"icona_opera\"><a title=\"Senza titolo\" href=\"https:\/\/www.granitoscultore.com\/wp-content\/uploads\/Fazzoletto_senzatitolo0301.jpg\" rel=\"lightbox[Fazzoletto_senzatitolo03]\" type=\"image\/jpeg\" data-mediabox=\"1\"><img loading=\"lazy\" decoding=\"async\" src=\"https:\/\/www.granitoscultore.com\/wp-content\/uploads\/Fazzoletto_senzatitolo0300.jpg\" alt=\"Senza titolo\" width=\"150\" height=\"170\" \/><\/a><\/div>\n<div class=\"descrizione_opera\">\n<p class=\"titolo_opera\">Senza titolo<\/p>\n<p class=\"materiale_opera\">Terracotta dipinta<\/p>\n<p class=\"dimensioni_opera\">cm. 10 x 70 x 30<\/p>\n\n<\/div>\n<\/div>\n<div style=\"clear: both; height: 0px;\"><\/div>\n\n<hr class=\"linea_opere\" \/>\n\n<!-- Fazzoletto senza titolo 03 FINE --><!-- Stendiamo_un_velo_pietoso_02 -->\n<div class=\"opera\">\n<div class=\"icona_opera\"><a title=\"Stendiamo un velo pietoso\" href=\"https:\/\/www.granitoscultore.com\/wp-content\/uploads\/Stendiamo_un_velo_pietoso0201.jpg\" rel=\"lightbox[Stendiamo_un_velo_pietoso_02]\" type=\"image\/jpeg\" data-mediabox=\"1\"><img loading=\"lazy\" decoding=\"async\" src=\"https:\/\/www.granitoscultore.com\/wp-content\/uploads\/Stendiamo_un_velo_pietoso0200.jpg\" alt=\"Stendiamo un velo pietoso\" width=\"150\" height=\"170\" \/><\/a><\/div>\n<div class=\"descrizione_opera\">\n<p class=\"titolo_opera\">Stendiamo un velo pietoso<\/p>\n<p class=\"materiale_opera\">Marmo di Carrara<\/p>\n<p class=\"dimensioni_opera\">cm. 15 x 30 x 30<\/p>\n\n<\/div>\n<\/div>\n<div style=\"clear: both; height: 0px;\"><\/div>\n\n<hr class=\"linea_opere\" \/>\n\n<!-- Stendiamo_un_velo_pietoso_02 FINE --><!-- Stendiamo_un_velo_pietoso_01 -->\n<div class=\"opera\">\n<div class=\"icona_opera\"><a title=\"Stendiamo un velo pietoso\" href=\"https:\/\/www.granitoscultore.com\/wp-content\/uploads\/Stendiamo_un_velo_pietoso0101.jpg\" rel=\"lightbox[Stendiamo_un_velo_pietoso_01]\" type=\"image\/jpeg\" data-mediabox=\"1\"><img loading=\"lazy\" decoding=\"async\" src=\"https:\/\/www.granitoscultore.com\/wp-content\/uploads\/Stendiamo_un_velo_pietoso0100.jpg\" alt=\"Stendiamo un velo pietoso\" width=\"150\" height=\"170\" \/><\/a><\/div>\n<div class=\"descrizione_opera\">\n<p class=\"titolo_opera\">Stendiamo un velo pietoso<\/p>\n<p class=\"materiale_opera\">Marmo di Carrara<\/p>\n<p class=\"dimensioni_opera\">cm. 15 x 60 x 60<\/p>\n\n<\/div>\n<\/div>\n<div style=\"clear: both; height: 0px;\"><\/div>\n\n<hr class=\"linea_opere\" \/>\n\n<!-- Stendiamo_un_velo_pietoso_01 FINE --><!-- Stato_D'ebbrezza -->\n<div class=\"opera\">\n<div class=\"icona_opera\"><a title=\"Stato D'ebbrezza\" href=\"https:\/\/www.granitoscultore.com\/wp-content\/uploads\/Stato_Debbrezza01.jpg\" rel=\"lightbox[Stato_D'ebbrezza]\" type=\"image\/jpeg\" data-mediabox=\"1\"><img loading=\"lazy\" decoding=\"async\" src=\"https:\/\/www.granitoscultore.com\/wp-content\/uploads\/Stato_Debbrezza00.jpg\" alt=\"Stato D'ebbrezza\" width=\"150\" height=\"170\" \/><\/a><\/div>\n<div class=\"foto_nascoste\"><a title=\"Stato D'ebbrezza\" href=\"https:\/\/www.granitoscultore.com\/wp-content\/uploads\/Stato_Debbrezza02.jpg\" rel=\"lightbox[Stato_D'ebbrezza]\">Foto<\/a> <a title=\"Stato D'ebbrezza\" href=\"https:\/\/www.granitoscultore.com\/wp-content\/uploads\/Stato_Debbrezza03.jpg\" rel=\"lightbox[Stato_D'ebbrezza]\">Foto<\/a> <a title=\"Stato D'ebbrezza\" href=\"https:\/\/www.granitoscultore.com\/wp-content\/uploads\/Stato_Debbrezza04.jpg\" rel=\"lightbox[Stato_D'ebbrezza]\">Foto<\/a><\/div>\n<div class=\"descrizione_opera\">\n<p class=\"titolo_opera\">Stato D&#8217;ebbrezza<\/p>\n<p class=\"materiale_opera\">Marmo di Carrara, ghisa, terracotta dipinta, vetro e vino<\/p>\n<p class=\"dimensioni_opera\">cm. 90 x 80 x 80<\/p>\n\n<\/div>\n<\/div>\n<div style=\"clear: both; height: 0px;\"><\/div>\n\n<hr class=\"linea_opere\" \/>\n\n<!-- Stato_D'ebbrezza01 FINE --><!-- Scultura_di_Pioggia_01-->\n<div class=\"opera\">\n<div class=\"icona_opera\"><a title=\"Scultura di Pioggia\" href=\"https:\/\/www.granitoscultore.com\/wp-content\/uploads\/Scultura_di_Pioggia_0101.jpg\" rel=\"lightbox[Scultura_di_Pioggia_01]\" type=\"image\/jpeg\" data-mediabox=\"1\"><img loading=\"lazy\" decoding=\"async\" src=\"https:\/\/www.granitoscultore.com\/wp-content\/uploads\/Scultura_di_Pioggia_0100.jpg\" alt=\"Scultura di Pioggia\" width=\"150\" height=\"170\" \/><\/a><\/div>\n<div class=\"foto_nascoste\"><a title=\"Scultura di Pioggia\" href=\"https:\/\/www.granitoscultore.com\/wp-content\/uploads\/Scultura_di_Pioggia_0102.jpg\" rel=\"lightbox[Scultura_di_Pioggia_01]\">Foto02<\/a> <a title=\"Scultura di Pioggia\" href=\"https:\/\/www.granitoscultore.com\/wp-content\/uploads\/Scultura_di_Pioggia_0103.jpg\" rel=\"lightbox[Scultura_di_Pioggia_01]\">Foto03<\/a><\/div>\n<div class=\"descrizione_opera\">\n<p class=\"titolo_opera\">Scultura di Pioggia<\/p>\n<p class=\"materiale_opera\">Metacrilato su polietilene e ceramica<\/p>\n<p class=\"dimensioni_opera\">cm. 250 x 200 x 70 e cm. 5 x 200 x 80<\/p>\n\n<\/div>\n<\/div>\n<div style=\"clear: both; height: 0px;\"><\/div>\n\n<hr class=\"linea_opere\" \/>\n\n<!-- Scultura di Pioggia 01 FINE --><!-- Scultura_di_Pioggia_02-->\n<div class=\"opera\">\n<div class=\"icona_opera\"><a title=\"Scultura di Pioggia\" href=\"https:\/\/www.granitoscultore.com\/wp-content\/uploads\/Scultura_di_Pioggia_0201.jpg\" rel=\"lightbox[Scultura_di_Pioggia_02]\" type=\"image\/jpeg\" data-mediabox=\"1\"><img loading=\"lazy\" decoding=\"async\" src=\"https:\/\/www.granitoscultore.com\/wp-content\/uploads\/Scultura_di_Pioggia_0200.jpg\" alt=\"Scultura di Pioggia\" width=\"150\" height=\"170\" \/><\/a><\/div>\n<div class=\"foto_nascoste\"><a title=\"Scultura di Pioggia\" href=\"https:\/\/www.granitoscultore.com\/wp-content\/uploads\/Scultura_di_Pioggia_0202.jpg\" rel=\"lightbox[Scultura_di_Pioggia_02]\">Foto02<\/a><\/div>\n<div class=\"descrizione_opera\">\n<p class=\"titolo_opera\">Scultura di Pioggia<\/p>\n<p class=\"materiale_opera\">Ceramica<\/p>\n<p class=\"dimensioni_opera\">cm. 5 x 200 x 80<\/p>\n\n<\/div>\n<\/div>\n<div style=\"clear: both; height: 0px;\"><\/div>\n\n<hr class=\"linea_opere\" \/>\n\n<!-- Scultura di Pioggia 02 FINE --><!-- Scultura_di_Pioggia_03-->\n<div class=\"opera\">\n<div class=\"icona_opera\"><a title=\"Scultura di Pioggia\" href=\"https:\/\/www.granitoscultore.com\/wp-content\/uploads\/Scultura_di_Pioggia_0301.jpg\" rel=\"lightbox[Scultura_di_Pioggia_03]\" data-mediabox=\"1\"><img loading=\"lazy\" decoding=\"async\" src=\"https:\/\/www.granitoscultore.com\/wp-content\/uploads\/Scultura_di_Pioggia_0300.jpg\" alt=\"Scultura di Pioggia 0300\" width=\"150\" height=\"170\" \/><\/a><\/div>\n<div class=\"descrizione_opera\">\n<p class=\"titolo_opera\">Scultura di Pioggia<\/p>\n<p class=\"materiale_opera\">Metacrilato su polietilene<\/p>\n<p class=\"dimensioni_opera\">cm. 150 x 80 x 2<\/p>\n\n<\/div>\n<\/div>\n<div style=\"clear: both; height: 0px;\"><\/div>\n\n<hr class=\"linea_opere\" \/>\n\n<!-- Scultura di Pioggia 03 FINE --><!-- Paesaggi e nature morte -->\n<div class=\"opera\">\n<div class=\"icona_opera\"><a title=\"Paesaggi e nature morte\" href=\"https:\/\/www.granitoscultore.com\/paesaggi-e-nature-morte.\" rel=\"alternate\"><img loading=\"lazy\" decoding=\"async\" src=\"https:\/\/www.granitoscultore.com\/wp-content\/uploads\/Paesaggio00.jpg\" alt=\"Paesaggi e nature morte\" width=\"150\" height=\"170\" \/><\/a><\/div>\n<div class=\"descrizione_opera\">\n<p class=\"titolo_opera\">Paesaggi e nature morte<\/p>\n<p class=\"testi_intro_opere\">A partire dal 2001 il mondo \u00e8 stato sconvolto da eventi di straordinaria violenza\u2026 non si poteva far finta di niente. Decisi, quindi, di abbandonare provvisoriamente il mio percorso artistico per esprimere il mio stato d\u2019animo\u2026<\/p>\n<p class=\"leggialtro_opere\"><a title=\"Paesaggi e nature morte\" href=\"https:\/\/www.granitoscultore.com\/paesaggi-e-nature-morte\" rel=\"alternate\">continua lettura &gt;<\/a><\/p>\n\n<\/div>\n<\/div>\n<div style=\"clear: both; height: 0px;\"><\/div>\n\n<hr class=\"linea_opere\" \/>\n\n<!-- Paesaggio FINE --><!-- Il Libro \u00e8 una farfalla -->\n<div class=\"opera\">\n<div class=\"icona_opera\"><a title=\"Il Libro \u00e8 una farfalla\" href=\"https:\/\/www.granitoscultore.com\/wp-content\/uploads\/Il_Libro_e_una_farfalla01.jpg\" rel=\"lightbox[Il_Libro_e'_una_farfalla]\" type=\"image\/jpeg\" data-mediabox=\"1\"><img loading=\"lazy\" decoding=\"async\" src=\"https:\/\/www.granitoscultore.com\/wp-content\/uploads\/Il_Libro_e_una_farfalla00.jpg\" alt=\"Il Libro \u00e8 una farfalla\" width=\"150\" height=\"170\" \/><\/a><\/div>\n<div class=\"descrizione_opera\">\n<p class=\"titolo_opera\">Il Libro \u00e8 una farfalla<\/p>\n<p class=\"materiale_opera\">Terraglia, carta stampata e acquerello<\/p>\n<p class=\"dimensioni_opera\">cm. 50 x 25 x 15<\/p>\n\n<\/div>\n<\/div>\n<div style=\"clear: both; height: 0px;\"><\/div>\n\n<hr class=\"linea_opere\" \/>\n\n<!-- Il Libro \u00e8 una farfalla FINE --><!-- Soffio_Scultura_02 -->\n<div class=\"opera\">\n<div class=\"icona_opera\"><a title=\"Soffio Scultura\" href=\"https:\/\/www.granitoscultore.com\/wp-content\/uploads\/Soffio_Scultura_0201.jpg\" rel=\"lightbox[Soffio_Scultura_02]\" type=\"image\/jpeg\" data-mediabox=\"1\"><img loading=\"lazy\" decoding=\"async\" src=\"https:\/\/www.granitoscultore.com\/wp-content\/uploads\/Soffio_Scultura_0200.jpg\" alt=\"Soffio Scultura\" width=\"150\" height=\"170\" \/><\/a><\/div>\n<div class=\"foto_nascoste\"><a title=\"Soffio Scultura\" href=\"https:\/\/www.granitoscultore.com\/wp-content\/uploads\/Soffio_Scultura_0202.jpg\" rel=\"lightbox[Soffio_Scultura_02]\">Foto<\/a><\/div>\n<div class=\"descrizione_opera\">\n<p class=\"titolo_opera\">Soffio Scultura<\/p>\n<p class=\"materiale_opera\">Terraglia, porcellana, gesso e olio su tavola<\/p>\n<p class=\"dimensioni_opera\">cm. 100 x 35 x 50<\/p>\n\n<\/div>\n<\/div>\n<div style=\"clear: both; height: 0px;\"><\/div>\n\n<hr class=\"linea_opere\" \/>\n\n<!-- Soffio_Scultura_02 FINE --><!-- Soffio_Scultura_03 -->\n<div class=\"opera\">\n<div class=\"icona_opera\"><a title=\"Soffio Scultura\" href=\"https:\/\/www.granitoscultore.com\/wp-content\/uploads\/Soffio_Scultura_0301.jpg\" rel=\"lightbox[Soffio_Scultura_03]\" type=\"image\/jpeg\" data-mediabox=\"1\"><img loading=\"lazy\" decoding=\"async\" src=\"https:\/\/www.granitoscultore.com\/wp-content\/uploads\/Soffio_Scultura_0300.jpg\" alt=\"Soffio Scultura\" width=\"150\" height=\"170\" \/><\/a><\/div>\n<div class=\"foto_nascoste\"><a title=\"Soffio Scultura\" href=\"https:\/\/www.granitoscultore.com\/wp-content\/uploads\/Soffio_Scultura_0302.jpg\" rel=\"lightbox[Soffio_Scultura_03]\">Foto<\/a><\/div>\n<div class=\"descrizione_opera\">\n<p class=\"titolo_opera\">Soffio Scultura<\/p>\n<p class=\"materiale_opera\">Marmo di Carrara<\/p>\n<p class=\"dimensioni_opera\">cm. 18 x 8 x 5 (dimensioni singola piuma)<\/p>\n\n<\/div>\n<\/div>\n<div style=\"clear: both; height: 0px;\"><\/div>\n\n<hr class=\"linea_opere\" \/>\n\n<!-- Soffio_Scultura_03 FINE --><!-- Soffio_Scultura_04 -->\n<div class=\"opera\">\n<div class=\"icona_opera\"><a title=\"Soffio Scultura\" href=\"https:\/\/www.granitoscultore.com\/wp-content\/uploads\/Soffio_Scultura_0401.jpg\" rel=\"lightbox[Soffio_Scultura_04]\" type=\"image\/jpeg\" data-mediabox=\"1\"><img loading=\"lazy\" decoding=\"async\" src=\"https:\/\/www.granitoscultore.com\/wp-content\/uploads\/Soffio_Scultura_0400.jpg\" alt=\"Soffio Scultura\" width=\"150\" height=\"170\" \/><\/a><\/div>\n<div class=\"foto_nascoste\"><a title=\"Soffio Scultura\" href=\"https:\/\/www.granitoscultore.com\/wp-content\/uploads\/Soffio_Scultura_0402.jpg\" rel=\"lightbox[Soffio_Scultura_04]\">Foto<\/a><\/div>\n<div class=\"descrizione_opera\">\n<p class=\"titolo_opera\">Soffio Scultura<\/p>\n<p class=\"materiale_opera\">Gesso ceramico e marmo di Carrara<\/p>\n<p class=\"dimensioni_opera\">cm. 50 x 12 x 20<\/p>\n\n<\/div>\n<\/div>\n<div style=\"clear: both; height: 0px;\"><\/div>\n\n<hr class=\"linea_opere\" \/>\n\n<!-- Soffio_Scultura_04 FINE --><!-- Soffio_Scultura_05 -->\n<div class=\"opera\">\n<div class=\"icona_opera\"><a title=\"Soffio Scultura\" href=\"https:\/\/www.granitoscultore.com\/wp-content\/uploads\/Soffio_Scultura_0501.jpg\" rel=\"lightbox[Soffio_Scultura_05]\" type=\"image\/jpeg\" data-mediabox=\"1\"><img loading=\"lazy\" decoding=\"async\" src=\"https:\/\/www.granitoscultore.com\/wp-content\/uploads\/Soffio_Scultura_0500.jpg\" alt=\"Soffio Scultura\" width=\"150\" height=\"170\" \/><\/a><\/div>\n<div class=\"descrizione_opera\">\n<p class=\"titolo_opera\">Soffio Scultura<\/p>\n<p class=\"materiale_opera\">Gesso, segatura e colla su ferro<\/p>\n<p class=\"dimensioni_opera\">cm. 180 x 80 x 100<\/p>\n\n<\/div>\n<\/div>\n<div style=\"clear: both; height: 0px;\"><\/div>\n\n<hr class=\"linea_opere\" \/>\n\n<!-- Soffio_Scultura_05 FINE --><!-- Soffio_Scultura_07 -->\n<div class=\"opera\">\n<div class=\"icona_opera\"><a title=\"Soffio Scultura\" href=\"https:\/\/www.granitoscultore.com\/wp-content\/uploads\/Soffio_Scultura_0701.jpg\" rel=\"lightbox[Soffio_Scultura_07]\" type=\"image\/jpeg\" data-mediabox=\"1\"><img loading=\"lazy\" decoding=\"async\" src=\"https:\/\/www.granitoscultore.com\/wp-content\/uploads\/Soffio_Scultura_0700.jpg\" alt=\"Soffio Scultura\" width=\"150\" height=\"170\" \/><\/a><\/div>\n<div class=\"descrizione_opera\">\n<p class=\"titolo_opera\">Soffio Scultura<\/p>\n<p class=\"materiale_opera\">Pietra di Pantelleria<\/p>\n<p class=\"dimensioni_opera\">cm. 15 x 30 x 18<\/p>\n\n<\/div>\n<\/div>\n<div style=\"clear: both; height: 0px;\"><\/div>\n\n<hr class=\"linea_opere\" \/>\n\n<!-- Soffio_Scultura_07 FINE --><!-- Soffio_Scultura_09 -->\n<div class=\"opera\">\n<div class=\"icona_opera\"><a title=\"Soffio Scultura\" href=\"https:\/\/www.granitoscultore.com\/wp-content\/uploads\/Soffio_Scultura_0901.jpg\" rel=\"lightbox[Soffio_Scultura_09]\" type=\"image\/jpeg\" data-mediabox=\"1\"><img loading=\"lazy\" decoding=\"async\" src=\"https:\/\/www.granitoscultore.com\/wp-content\/uploads\/Soffio_Scultura_0900.jpg\" alt=\"Soffio Scultura\" width=\"150\" height=\"170\" \/><\/a><\/div>\n<div class=\"foto_nascoste\"><a title=\"Soffio Scultura\" href=\"https:\/\/www.granitoscultore.com\/wp-content\/uploads\/Soffio_Scultura_0902.jpg\" rel=\"lightbox[Soffio_Scultura_09]\">Foto<\/a> <a title=\"Soffio Scultura\" href=\"https:\/\/www.granitoscultore.com\/wp-content\/uploads\/Soffio_Scultura_0903.jpg\" rel=\"lightbox[Soffio_Scultura_09]\">Foto<\/a><\/div>\n<div class=\"descrizione_opera\">\n<p class=\"titolo_opera\">Soffio Scultura<\/p>\n<p class=\"materiale_opera\">Ferro e neon<\/p>\n<p class=\"dimensioni_opera\">cm. 200 x 60 x 18<\/p>\n\n<\/div>\n<\/div>\n<div style=\"clear: both; height: 0px;\"><\/div>\n\n<hr class=\"linea_opere\" \/>\n\n<!-- Soffio_Scultura_09 FINE --><!-- Il Conscio e l'Inconscio -->\n<div class=\"opera\">\n<div class=\"icona_opera\"><a title=\"Il Conscio e l'Inconscio\" href=\"https:\/\/www.granitoscultore.com\/wp-content\/uploads\/Il_Conscio_e_Linconscio_01.mp4\" rel=\"lightbox[Il_Conscio_Inconscio 1280 720]\" data-mediabox=\"1\"><img loading=\"lazy\" decoding=\"async\" src=\"https:\/\/www.granitoscultore.com\/wp-content\/uploads\/Il_Conscio_e_Linconscio_00.jpg\" alt=\"Il Conscio e l'Inconscio\" width=\"150\" height=\"170\" \/><\/a><\/div>\n<div class=\"descrizione_opera\">\n<p class=\"titolo_opera\">Il Conscio e l&#8217;Inconscio<\/p>\n<p class=\"materiale_opera\">Gesso e specchio<\/p>\n<p class=\"dimensioni_opera\">cm. 40 x 40 x 5<\/p>\n\n<\/div>\n<\/div>\n<div style=\"clear: both; height: 0px;\"><\/div>\n\n<hr class=\"linea_opere\" \/>\n\n<!-- Il Conscio e l'Inconscio FINE -->\t\t\t\t\t\t\t\t<\/div>\n\t\t\t\t<\/div>\n\t\t\t\t\t<\/div>\n\t\t\t\t<\/div>\n\t\t\t\t<\/div>\n\t\t","protected":false},"excerpt":{"rendered":"<p>Tutta la mia attivit\u00e0 artistica \u00e8 improntata sul tema degli ossimori, sia nei titoli che nei contenuti. I titoli sono delle contraddizioni in termini (scultura di vento, scultura di pioggia, soffioscultura, ti lancio un pensiero, ecc..). La parola sculture rimanda a qualcosa di molto pesante mentre le parole vento, pioggia, soffio e pensiero a qualcosa [&hellip;]<\/p>\n","protected":false},"author":1,"featured_media":0,"parent":0,"menu_order":0,"comment_status":"closed","ping_status":"closed","template":"","meta":{"footnotes":""},"class_list":["post-10","page","type-page","status-publish","hentry"],"_links":{"self":[{"href":"https:\/\/www.granitoscultore.com\/it\/wp-json\/wp\/v2\/pages\/10","targetHints":{"allow":["GET"]}}],"collection":[{"href":"https:\/\/www.granitoscultore.com\/it\/wp-json\/wp\/v2\/pages"}],"about":[{"href":"https:\/\/www.granitoscultore.com\/it\/wp-json\/wp\/v2\/types\/page"}],"author":[{"embeddable":true,"href":"https:\/\/www.granitoscultore.com\/it\/wp-json\/wp\/v2\/users\/1"}],"replies":[{"embeddable":true,"href":"https:\/\/www.granitoscultore.com\/it\/wp-json\/wp\/v2\/comments?post=10"}],"version-history":[{"count":90,"href":"https:\/\/www.granitoscultore.com\/it\/wp-json\/wp\/v2\/pages\/10\/revisions"}],"predecessor-version":[{"id":1124,"href":"https:\/\/www.granitoscultore.com\/it\/wp-json\/wp\/v2\/pages\/10\/revisions\/1124"}],"wp:attachment":[{"href":"https:\/\/www.granitoscultore.com\/it\/wp-json\/wp\/v2\/media?parent=10"}],"curies":[{"name":"wp","href":"https:\/\/api.w.org\/{rel}","templated":true}]}}